{"id":23981,"date":"2021-03-22T22:46:28","date_gmt":"2021-03-23T01:46:28","guid":{"rendered":"http:\/\/mupe.unvm.edu.ar\/?page_id=23981"},"modified":"2023-12-12T15:02:58","modified_gmt":"2023-12-12T18:02:58","slug":"quienes-somos","status":"publish","type":"page","link":"http:\/\/mupe.unvm.edu.ar\/?page_id=23981","title":{"rendered":"Qui\u00e9nes somos"},"content":{"rendered":"<section class=\"l-section wpb_row height_large\"><div class=\"l-section-h i-cf\"><div class=\"g-cols vc_row type_default valign_top\"><div class=\"vc_col-sm-12 wpb_column vc_column_container\"><div class=\"vc_column-inner\"><div class=\"wpb_wrapper\"><div class=\"wpb_text_column\" ><div class=\"wpb_wrapper\"><p style=\"text-align: center;\"><strong>Centro de Estudios y Divulgaci\u00f3n de M\u00fasicas \u00c9tnicas y Populares del Mundo<\/strong><\/p>\n<p>El estudio de la m\u00fasica popular y \u00e9tnica comprende una gran cantidad de manifestaciones culturales que exceden el hecho musical en s\u00ed mismo. La misma est\u00e1 \u00edntimamente ligada a creencias, costumbres y cosmovisiones del hombre en el momento hist\u00f3rico y geogr\u00e1fico en el que est\u00e1 inmerso. Es indiscutible que la observaci\u00f3n y el an\u00e1lisis del conjunto de los fen\u00f3menos musicales y extra musicales es necesaria para acercarnos a una comprensi\u00f3n m\u00e1s ajustada del significado de la m\u00fasica en la vida del ser humano.<\/p>\n<p>El proceso din\u00e1mico de globalizaci\u00f3n mundial que estamos viviendo en estos tiempos conlleva a la transformaci\u00f3n de las tradiciones, como as\u00ed tambi\u00e9n al conocimiento y difusi\u00f3n de propuestas que en otro momento estaban reservadas a grupos selectos y estrechamente ligados a esas pr\u00e1cticas. Un aspecto a analizar en este proceso es el riesgo de una p\u00e9rdida en la integridad e identidad de las culturas. Se considera importante el rescate contextuado de dichas manifestaciones culturales, las cuales en muchos casos han dado origen a fen\u00f3menos actuales. Debe existir un compromiso concreto en indagar sobre los antecedentes, la historia y el proceso de transformaci\u00f3n de los instrumentos y\u00a0 g\u00e9neros musicales, conocer las manifestaciones en su contexto, as\u00ed como tambi\u00e9n determinar los aspectos espec\u00edficamente musicales. Esta puesta en valor de las expresiones \u00e9tnicas y populares incluye por lo tanto la investigaci\u00f3n, la reproducci\u00f3n de instrumentos y pr\u00e1cticas contextuadas y la interpretaci\u00f3n y difusi\u00f3n en diversos \u00e1mbitos.<\/p>\n<p>El <strong>MUPE<\/strong> propone estudiar el fen\u00f3meno musical desde diversas perspectivas y utilizar formatos actuales de producci\u00f3n y difusi\u00f3n de sus investigaciones, a trav\u00e9s de la generaci\u00f3n de material audiovisual, gr\u00e1fico y sonoro, con una difusi\u00f3n centrada en la plataforma virtual. Dichos trabajos aspiran a convertirse en un material de referencia,\u00a0 de estudio y consulta para alumnos y docentes de la UNVM, como as\u00ed tambi\u00e9n de otras universidades del pa\u00eds y del exterior, m\u00fasicos e interesados en general.<\/p>\n<p>&nbsp;<\/p>\n<p style=\"text-align: center;\">El <strong>MUPE<\/strong> somos:<\/p>\n<p style=\"text-align: center;\">Mgtr. Susana Dutto<br \/>\nMgtr. Paula Fern\u00e1ndez<br \/>\nLic. David Rodr\u00edguez<br \/>\nProf. Claudio Vittore<br \/>\nDar\u00edo Falconi<br \/>\nGast\u00f3n Fontenla<br \/>\nAlejandra Ram\u00edrez<\/p>\n<p style=\"text-align: center;\"><a href=\"mailto:mupe@humanas.unvm.edu.ar\"><b>mupe@humanas.unvm.edu.ar<\/b><\/a><\/p>\n<\/div><\/div><\/div><\/div><\/div><\/div><\/div><\/section>\n","protected":false},"excerpt":{"rendered":"Centro de Estudios y Divulgaci\u00f3n de M\u00fasicas \u00c9tnicas y Populares del Mundo El estudio de la m\u00fasica popular y \u00e9tnica comprende una gran cantidad de manifestaciones culturales que exceden el hecho musical en s\u00ed mismo. La misma est\u00e1 \u00edntimamente ligada a creencias, costumbres y cosmovisiones del hombre en el momento hist\u00f3rico y geogr\u00e1fico en el...","protected":false},"author":2,"featured_media":0,"parent":0,"menu_order":0,"comment_status":"closed","ping_status":"closed","template":"","meta":{"footnotes":""},"class_list":["post-23981","page","type-page","status-publish","hentry"],"_links":{"self":[{"href":"http:\/\/mupe.unvm.edu.ar\/index.php?rest_route=\/wp\/v2\/pages\/23981","targetHints":{"allow":["GET"]}}],"collection":[{"href":"http:\/\/mupe.unvm.edu.ar\/index.php?rest_route=\/wp\/v2\/pages"}],"about":[{"href":"http:\/\/mupe.unvm.edu.ar\/index.php?rest_route=\/wp\/v2\/types\/page"}],"author":[{"embeddable":true,"href":"http:\/\/mupe.unvm.edu.ar\/index.php?rest_route=\/wp\/v2\/users\/2"}],"replies":[{"embeddable":true,"href":"http:\/\/mupe.unvm.edu.ar\/index.php?rest_route=%2Fwp%2Fv2%2Fcomments&post=23981"}],"version-history":[{"count":3,"href":"http:\/\/mupe.unvm.edu.ar\/index.php?rest_route=\/wp\/v2\/pages\/23981\/revisions"}],"predecessor-version":[{"id":24454,"href":"http:\/\/mupe.unvm.edu.ar\/index.php?rest_route=\/wp\/v2\/pages\/23981\/revisions\/24454"}],"wp:attachment":[{"href":"http:\/\/mupe.unvm.edu.ar\/index.php?rest_route=%2Fwp%2Fv2%2Fmedia&parent=23981"}],"curies":[{"name":"wp","href":"https:\/\/api.w.org\/{rel}","templated":true}]}}