{"id":24023,"date":"2021-03-23T21:22:30","date_gmt":"2021-03-24T00:22:30","guid":{"rendered":"http:\/\/mupe.unvm.edu.ar\/?page_id=24023"},"modified":"2024-05-24T09:09:21","modified_gmt":"2024-05-24T12:09:21","slug":"novedades","status":"publish","type":"page","link":"http:\/\/mupe.unvm.edu.ar\/?page_id=24023","title":{"rendered":"Novedades"},"content":{"rendered":"<section class=\"l-section wpb_row height_large\"><div class=\"l-section-h i-cf\"><div class=\"g-cols vc_row type_default valign_top\"><div class=\"vc_col-sm-12 wpb_column vc_column_container\"><div class=\"vc_column-inner\"><div class=\"wpb_wrapper\"><div class=\"wpb_text_column\" ><div class=\"wpb_wrapper\"><h1 style=\"text-align: center;\"><strong>INFANCIAS CBA 2024<\/strong><br \/>\n<strong>Arte, Educaci\u00f3n y Pol\u00edticas P\u00fablicas<\/strong><\/h1>\n<p style=\"text-align: left;\"><a ref=\"magnificPopup\" href=\"http:\/\/mupe.unvm.edu.ar\/wp-content\/uploads\/2024\/05\/Imagen-de-WhatsApp-2024-04-28-a-las-17.28.05_40974436.jpg\"><img loading=\"lazy\" decoding=\"async\" class=\"aligncenter wp-image-24462\" src=\"http:\/\/mupe.unvm.edu.ar\/wp-content\/uploads\/2024\/05\/Imagen-de-WhatsApp-2024-04-28-a-las-17.28.05_40974436-241x300.jpg\" alt=\"\" width=\"330\" height=\"411\" srcset=\"http:\/\/mupe.unvm.edu.ar\/wp-content\/uploads\/2024\/05\/Imagen-de-WhatsApp-2024-04-28-a-las-17.28.05_40974436-241x300.jpg 241w, http:\/\/mupe.unvm.edu.ar\/wp-content\/uploads\/2024\/05\/Imagen-de-WhatsApp-2024-04-28-a-las-17.28.05_40974436-823x1024.jpg 823w, http:\/\/mupe.unvm.edu.ar\/wp-content\/uploads\/2024\/05\/Imagen-de-WhatsApp-2024-04-28-a-las-17.28.05_40974436.jpg 1286w\" sizes=\"auto, (max-width: 330px) 100vw, 330px\" \/><\/a><\/p>\n<p>El pasado a\u00f1o 2023 se realiz\u00f3 el Primer Coloquio INFANCIAS CBA. El mismo cont\u00f3 con una importante participaci\u00f3n y ha marcado una l\u00ednea de trabajo que nos parece importante sostener y profundizar.<br \/>\nEn esta oportunidad el <strong>Segundo Coloquio INFANCIAS CBA 2024<\/strong>, redoblamos la apuesta, realizando las jornadas en tres localidades de la provincia: Villa Mar\u00eda, Salsipuedes, Colonia Tirolesa.<br \/>\nLos espacios f\u00edsicos ser\u00e1n museos, polos culturales, provistos por la Agencia C\u00f3rdoba Cultura y el objetivo es proveer en los mismos, actividades de sensibilizaci\u00f3n y puesta en valor de los espacios culturales provinciales vincul\u00e1ndolos a la infancia.<br \/>\nPor otro lado, se plantea la posibilidad de que el encuentro presencial se contin\u00fae a trav\u00e9s del espacio virtual, invit\u00e1ndoles a un aula virtual que nos mantendr\u00e1 en contacto hasta el nuevo encuentro en octubre, donde podremos ser parte del FIT- Festival de Teatro para la Infancia y la Juventud. C\u00f3rdoba 2024.<br \/>\nLes compartimos detalles de la propuesta y un link de inscripci\u00f3n. Les agradeceremos que lo compartan con quienes consideren pueden estar interesados.<\/p>\n<ul>\n<li><strong>MODALIDAD<\/strong><br \/>\nEl curso es presencial y online, con evaluaci\u00f3n final. Se otorga certificaci\u00f3n de la UNVM por un total de 50 hs. a quienes participan de manera plena. Se puede participar como asistente solo a las jornadas presenciales.<\/li>\n<\/ul>\n<ul>\n<li><strong>Presencial<\/strong>: se realizar\u00e1n 2 jornadas en 3 Sedes, pudiendo inscribirse en solo en una de ellas (Villa Mar\u00eda, Salsipuedes y Colonia Tirolesa)<br \/>\nLos espacios f\u00edsicos, ser\u00e1n museos, polos culturales, provistos por la Agencia C\u00f3rdoba Cultura y el objetivo es proveer en los mismos, actividades de sensibilizaci\u00f3n y puesta en valor de los espacios culturales provinciales.<\/li>\n<\/ul>\n<ul>\n<li><strong>Virtual<\/strong>: se compartir\u00e1 el ingreso a un aula virtual del proyecto, alojada en la plataforma moodle de la UNVM a quienes participen de manera plena. Esto se realizar\u00e1 en el curso de la primera jornada e implica tutor\u00edas de trabajo, participaci\u00f3n en foros, lecturas de bibliograf\u00eda sugerida. Esta actividad demandar\u00e1 una dedicaci\u00f3n de 30 hs. entre los dos encuentros presenciales, de manera no sincr\u00f3nica.<\/li>\n<li><strong>FECHAS DE REALIZACI\u00d3N<\/strong> (encuentros presenciales):<\/li>\n<\/ul>\n<p><strong>\ud83d\udc49 VILLA MAR\u00cdA<\/strong> s\u00e1bado <strong>11 de mayo<\/strong> y s\u00e1bado <strong>5 de octubre<\/strong><br \/>\nLugar: Polo Audiovisual. Av. Dante Alighieri 377.<\/p>\n<p><strong>\ud83d\udc49SALSIPUEDES<\/strong> s\u00e1bado <strong>15 de junio<\/strong> y s\u00e1bado <strong>5 de octubre<\/strong><br \/>\nLugar: a designar<\/p>\n<p><strong>\ud83d\udc49COLONIA TIROLESA<\/strong> s\u00e1bado <strong>29 de junio<\/strong> y s\u00e1bado <strong>5 de octubre<\/strong><br \/>\nLugar: a designar<\/p>\n<ul>\n<li><strong>HORARIO:<\/strong><br \/>\nDe 9 a 19 hs.<\/li>\n<\/ul>\n<ul>\n<li><strong>OBJETIVOS:<\/strong><br \/>\n\u2705\u00a0Generar un espacio para pensar el lugar de la Infancia dentro de las pol\u00edticas p\u00fablicas y privadas.<br \/>\n\u2705\u00a0 Proponer una capacitaci\u00f3n en infancia destinada a docentes, artistas, gestores culturales, familias, personas vinculadas al trabajo con infancia desde distintas perspectivas y \u00e1reas.<br \/>\n\u2705\u00a0Ofrecer instancias de intercambio reflexivo entre el hacer art\u00edstico para las infancias, mediadores culturales y destinatarios.<br \/>\n\u2705\u00a0Fortalecer la conciencia del rol de transmisores culturales de quienes trabajamos con la Infancia.<br \/>\n\u2705\u00a0Visibilizar la necesidad de generar pol\u00edticas sobre contenidos culturales destinados a la infancia.<\/li>\n<\/ul>\n<ul>\n<li><strong>DESTINATARIOS:<\/strong><br \/>\nEducadores, directivos, estudiantes de profesorados, funcionarios, investigadores, comunicadores, artistas, profesionales dedicados al trabajo con las infancias en diferentes \u00e1reas (salud-educaci\u00f3n-comunicaci\u00f3n-art\u00edstica- social-otras).<\/li>\n<\/ul>\n<ul>\n<li><strong>COORDINADORA:<\/strong><br \/>\nSusana Coqui Dutto (UNVM- Teatro Real).<\/li>\n<\/ul>\n<ul>\n<li><strong>ACTIVIDAD GRATUITA<\/strong><\/li>\n<\/ul>\n<ul>\n<li><strong>Organizan:<\/strong><br \/>\nAgencia C\u00f3rdoba Cultura S.E a trav\u00e9s del Teatro Real y el espacio Tejiendo Infancias.<br \/>\nUniversidad Nacional de Villa Mar\u00eda a trav\u00e9s del Instituto Acad\u00e9mico Pedag\u00f3gico de Ciencias Humanas, el Mupe y el Proyecto de Investigaci\u00f3n \u201cLas lenguas nativas en canciones dedicadas a la Infancia\u201d.<br \/>\nAcompa\u00f1an:<br \/>\nFLADEM \u2013 MOCILYC- Fundaci\u00f3n Me extra\u00f1a ara\u00f1a.<\/li>\n<\/ul>\n<p style=\"text-align: center;\"><a ref=\"magnificPopup\" href=\"http:\/\/mupe.unvm.edu.ar\/wp-content\/uploads\/2024\/05\/Imagen-de-WhatsApp-2024-05-10-a-las-11.29.18_fa0a85b9.jpg\"><img loading=\"lazy\" decoding=\"async\" class=\"alignnone wp-image-24464\" src=\"http:\/\/mupe.unvm.edu.ar\/wp-content\/uploads\/2024\/05\/Imagen-de-WhatsApp-2024-05-10-a-las-11.29.18_fa0a85b9-240x300.jpg\" alt=\"\" width=\"356\" height=\"446\" srcset=\"http:\/\/mupe.unvm.edu.ar\/wp-content\/uploads\/2024\/05\/Imagen-de-WhatsApp-2024-05-10-a-las-11.29.18_fa0a85b9-240x300.jpg 240w, http:\/\/mupe.unvm.edu.ar\/wp-content\/uploads\/2024\/05\/Imagen-de-WhatsApp-2024-05-10-a-las-11.29.18_fa0a85b9-819x1024.jpg 819w, http:\/\/mupe.unvm.edu.ar\/wp-content\/uploads\/2024\/05\/Imagen-de-WhatsApp-2024-05-10-a-las-11.29.18_fa0a85b9.jpg 1279w\" sizes=\"auto, (max-width: 356px) 100vw, 356px\" \/><\/a><a ref=\"magnificPopup\" href=\"http:\/\/mupe.unvm.edu.ar\/wp-content\/uploads\/2024\/05\/Imagen-de-WhatsApp-2024-05-10-a-las-11.28.14_807c2436.jpg\"><img loading=\"lazy\" decoding=\"async\" class=\"alignnone wp-image-24463\" src=\"http:\/\/mupe.unvm.edu.ar\/wp-content\/uploads\/2024\/05\/Imagen-de-WhatsApp-2024-05-10-a-las-11.28.14_807c2436-240x300.jpg\" alt=\"\" width=\"356\" height=\"445\" srcset=\"http:\/\/mupe.unvm.edu.ar\/wp-content\/uploads\/2024\/05\/Imagen-de-WhatsApp-2024-05-10-a-las-11.28.14_807c2436-240x300.jpg 240w, http:\/\/mupe.unvm.edu.ar\/wp-content\/uploads\/2024\/05\/Imagen-de-WhatsApp-2024-05-10-a-las-11.28.14_807c2436-819x1024.jpg 819w, http:\/\/mupe.unvm.edu.ar\/wp-content\/uploads\/2024\/05\/Imagen-de-WhatsApp-2024-05-10-a-las-11.28.14_807c2436.jpg 1279w\" sizes=\"auto, (max-width: 356px) 100vw, 356px\" \/><\/a><\/p>\n<p style=\"text-align: center;\">Completando este formulario, podr\u00e1n realizar la inscripci\u00f3n al coloquio y participar de las diferentes instancias que se proponen.<\/p>\n<p style=\"text-align: center;\"><a href=\"https:\/\/forms.gle\/F9rZtt9oSK4HrUXw9\"><strong>\ud83d\udcbb\u00a0 https:\/\/forms.gle\/F9rZtt9oSK4HrUXw9\u00a0<\/strong><\/a><\/p>\n<p>&nbsp;<\/p>\n<p>&nbsp;<\/p>\n<p>&nbsp;<\/p>\n<p>&nbsp;<\/p>\n<\/div><\/div><div class=\"wpb_text_column\" ><div class=\"wpb_wrapper\"><h1 style=\"text-align: center;\"><strong>EL PORTAL DE LOS ENCUENTROS<br \/>\n<\/strong>presentaci\u00f3n de los podcast<\/h1>\n<p style=\"text-align: left;\"><a ref=\"magnificPopup\" href=\"http:\/\/mupe.unvm.edu.ar\/wp-content\/uploads\/2023\/05\/photo_2023-05-18_08-58-37.jpg\"><img loading=\"lazy\" decoding=\"async\" class=\"aligncenter wp-image-24216\" src=\"http:\/\/mupe.unvm.edu.ar\/wp-content\/uploads\/2023\/05\/photo_2023-05-18_08-58-37-300x300.jpg\" alt=\"\" width=\"557\" height=\"557\" srcset=\"http:\/\/mupe.unvm.edu.ar\/wp-content\/uploads\/2023\/05\/photo_2023-05-18_08-58-37-300x300.jpg 300w, http:\/\/mupe.unvm.edu.ar\/wp-content\/uploads\/2023\/05\/photo_2023-05-18_08-58-37-150x150.jpg 150w, http:\/\/mupe.unvm.edu.ar\/wp-content\/uploads\/2023\/05\/photo_2023-05-18_08-58-37.jpg 600w\" sizes=\"auto, (max-width: 557px) 100vw, 557px\" \/><\/a><\/p>\n<p>&nbsp;<\/p>\n<p>Presentaci\u00f3n de los Podcast: <strong>El Portal de los Encuentros<\/strong><br \/>\nProyecto de extensi\u00f3n de la SPU: M\u00fasica y Palabras<\/p>\n<p><strong>Martes 23 de mayo de 2023 \u2013 19 hs.<\/strong><br \/>\n<strong>Auditorio del Conservatorio Superior de M\u00fasica Felipe Boero<\/strong><\/p>\n<p>Participaci\u00f3n especial de Malena Baez y Zai Inti Gauna Ceballos.<\/p>\n<p>Una realizaci\u00f3n de profesores y estudiantes de la Lic. en Composici\u00f3n Musical con orientaci\u00f3n en M\u00fasica Popular, con la participaci\u00f3n del Instituto de Culturas Abor\u00edgenes de C\u00f3rdoba y artistas invitados.<\/p>\n<p>Villa Mar\u00eda, C\u00f3rdoba, Argentina.<\/p>\n<p>&nbsp;<\/p>\n<p>&nbsp;<\/p>\n<p>&nbsp;<\/p>\n<p>&nbsp;<\/p>\n<\/div><\/div><div class=\"wpb_text_column\" ><div class=\"wpb_wrapper\"><h1 style=\"text-align: center;\"><strong>EL VIAJE DE UN CUENTO<br \/>\n<\/strong>llega a su fin<\/h1>\n<p><a ref=\"magnificPopup\" href=\"http:\/\/mupe.unvm.edu.ar\/wp-content\/uploads\/2022\/10\/ilustracion_V_Cuento.jpg\"><img loading=\"lazy\" decoding=\"async\" class=\"aligncenter wp-image-24190\" src=\"http:\/\/mupe.unvm.edu.ar\/wp-content\/uploads\/2022\/10\/ilustracion_V_Cuento-300x150.jpg\" alt=\"\" width=\"724\" height=\"362\" srcset=\"http:\/\/mupe.unvm.edu.ar\/wp-content\/uploads\/2022\/10\/ilustracion_V_Cuento-300x150.jpg 300w, http:\/\/mupe.unvm.edu.ar\/wp-content\/uploads\/2022\/10\/ilustracion_V_Cuento-1024x512.jpg 1024w, http:\/\/mupe.unvm.edu.ar\/wp-content\/uploads\/2022\/10\/ilustracion_V_Cuento.jpg 1920w\" sizes=\"auto, (max-width: 724px) 100vw, 724px\" \/><\/a><\/p>\n<p style=\"text-align: left;\">Luego de 3 a\u00f1os de mucho trabajo, el ciclo de <strong>EL VIAJE DE UN CUENTO<\/strong> ha llegado a su fin.<br \/>\nHa quedado una producci\u00f3n maravillosa: 13 artistas \u2013 12 pa\u00edses \u2013 13 cuentos y 15 canciones que forman parte de este cuento viajero, de este recorrido de Ema por Latinoam\u00e9rica y el Caribe y sus cartas a Juan.<\/p>\n<p><a href=\"http:\/\/www.elviajedeuncuento.com\">www.elviajedeuncuento.com<\/a><\/p>\n<p>El objetivo principal de este proyecto fue mantener la presencia (virtual) y comunicaci\u00f3n del Mocilyc entre encuentros. As\u00ed, se inici\u00f3 en el XIV Encuentro de Guatemala (2019) y concluye para ser presentado en el XV Encuentro en Puerto Rico (2022).<br \/>\nLa propuesta inicial se ampli\u00f3 con la realizaci\u00f3n de dos cursos de capacitaci\u00f3n para docentes de todo el continente, que se realiz\u00f3 en acuerdo con la Universidad Nacional de Villa Mar\u00eda y Fladem (2021-2022). Se ofrecieron estrategias y metodolog\u00edas para utilizar los cuentos y canciones en el aula, por lo que el viaje de un cuento lleg\u00f3 a muchas instituciones, ni\u00f1os y ni\u00f1as, que leyeron, cantaron, crearon, investigaron \u2026 tomando como punto de partida lo que la p\u00e1gina web les ofrec\u00eda.<br \/>\nEl S\u00c1BADO 8 DE OCTUBRE pr\u00f3ximo entre las 8:30 y 9 hs. am Puerto Rico, en el XV Encuentro de la Canci\u00f3n Infantil Latinoamericana y Caribe\u00f1a (MOCILyC 2022), Ethel Batres estar\u00e1 compartiendo esta experiencia con los y las asistentes al encuentro. Esta jornada se transmitir\u00e1 en directo, por lo que queremos invitarles a sumarse de manera virtual y sentirnos parte de esta maravillosa construcci\u00f3n colectiva. Aun no tenemos el canal de transmisi\u00f3n, lo compartiremos apenas podamos por este medio, pero 3 de los artistas que participaron estar\u00e1n presentes: Ethel Batres (Guatemala), Tere Marichal Lugo (Puerto Rico) y Luis \u00c1ngel Castro (Costa Rica).<br \/>\nAdem\u00e1s de los y las artistas, quisiera destacar de manera particular el trabajo de Silvia Cerva, a cargo del desarrollo de la p\u00e1gina web y de Elom De Paulo, quien realiz\u00f3 todas las traducciones al portugu\u00e9s. Trabajos generosos y desinteresados para que nuestra producci\u00f3n art\u00edstica se luzca y llegue a la mayor cantidad de ni\u00f1os y ni\u00f1as.<br \/>\nLuego, estamos conversando sobre distintas posibilidades de publicaci\u00f3n, pero eso ya es otro cuento!<br \/>\nUn abrazo grande, mi enorme gratitud a cada una, a cada uno de quienes se comprometieron e hicieron posible este maravilloso proyecto.<\/p>\n<p style=\"text-align: right;\"><strong>Coqui Dutto<\/strong><br \/>\n6 de octubre 2022<\/p>\n<p>&nbsp;<\/p>\n<p>&nbsp;<\/p>\n<p>&nbsp;<\/p>\n<\/div><\/div><\/div><\/div><\/div><\/div><\/div><\/section><section class=\"l-section wpb_row height_large\"><div class=\"l-section-h i-cf\"><div class=\"g-cols vc_row type_default valign_top\"><div class=\"vc_col-sm-12 wpb_column vc_column_container\"><div class=\"vc_column-inner\"><div class=\"wpb_wrapper\"><div class=\"wpb_text_column\" ><div class=\"wpb_wrapper\"><p><strong>RESIDENCIA VISIONARIAS. CONEXIONES Y CREATIVIDADES EN TERRITORIO VIRTUAL<\/strong><\/p>\n<p>Residencia Visionarias es un encuentro de formaci\u00f3n virtual y gratuito para la profesionalizaci\u00f3n y crecimiento en red de mujeres de la m\u00fasica, entendiendo la problem\u00e1tica que presenta la producci\u00f3n independiente y las dificultades que afrontan por raz\u00f3n de g\u00e9nero, para brindar herramientas de reflexi\u00f3n y pr\u00e1ctica para fortalecer una escena musical iberoamericana con fuerte liderazgo femenino. Con 4 clases te\u00f3rico &#8211; pr\u00e1cticas para 60 mujeres y 4 workshop abiertos a todo p\u00fablico.<\/p>\n<p>Nos acompa\u00f1an alt\u00edsimas profesionales de la m\u00fasica de Argentina, Per\u00fa, Chile, Uruguay y M\u00e9xico: Lea Bensasson, Mar\u00eda Carrascal, Valentina Maza, Valeria Romero, macricaceres Keyla Mej\u00eda, Virginia Piscitelli y\u00a0 Coqui Dutto.<\/p>\n<p>Un proyecto seleccionado por\u00a0<a href=\"https:\/\/www.instagram.com\/ibermusicas\/\">@ibermusicas<\/a>\u00a0en su convocatoria Ayudas al sector musical en modalidad virtual y con el apoyo invaluable de INAMU &#8211; Min. Cultura Arg &#8211; IBERMUSICAS &#8211; COLLEGIUM &#8211; FAD &#8211; UPC &#8211; MUPE &#8211; PRODEMUR &#8211; ALTERFOCUS &#8211; COMUR &#8211; Red de M\u00fasicas de Jujuy &#8211; MICO &#8211; CO.<\/p>\n<p>Postulate hasta el 7 de octubre en el link: <a href=\"https:\/\/www.culturaonline.ar\/residenciavisionarias\">https:\/\/www.culturaonline.ar\/residenciavisionarias<\/a><\/p>\n<p><a href=\"http:\/\/mupe.unvm.edu.ar\/wp-content\/uploads\/2022\/09\/Captura-de-Pantalla-2022-09-08-a-las-20_15_42.webp\"><img loading=\"lazy\" decoding=\"async\" class=\"aligncenter wp-image-24185\" style=\"color: #0000ee;\" src=\"http:\/\/mupe.unvm.edu.ar\/wp-content\/uploads\/2022\/09\/Captura-de-Pantalla-2022-09-08-a-las-20_15_42-247x300.webp\" alt=\"\" width=\"661\" height=\"803\" srcset=\"http:\/\/mupe.unvm.edu.ar\/wp-content\/uploads\/2022\/09\/Captura-de-Pantalla-2022-09-08-a-las-20_15_42-247x300.webp 247w, http:\/\/mupe.unvm.edu.ar\/wp-content\/uploads\/2022\/09\/Captura-de-Pantalla-2022-09-08-a-las-20_15_42.webp 530w\" sizes=\"auto, (max-width: 661px) 100vw, 661px\" \/><\/a><\/p>\n<p><a href=\"https:\/\/www.instagram.com\/explore\/tags\/residenciavisionarias\/\">#residenciavisionarias<\/a>\u00a0<a href=\"https:\/\/www.instagram.com\/explore\/tags\/mujeres\/\">#mujeres<\/a>\u00a0<a href=\"https:\/\/www.instagram.com\/explore\/tags\/visionarias\/\">#visionarias<\/a>\u00a0<a href=\"https:\/\/www.instagram.com\/explore\/tags\/mujeresmusicas\/\">#mujeresmusicas<\/a>\u00a0<a href=\"https:\/\/www.instagram.com\/explore\/tags\/mundial\/\">#mundial<\/a>\u00a0<a href=\"https:\/\/www.instagram.com\/explore\/tags\/virtual\/\">#virtual<\/a>\u00a0<a href=\"https:\/\/www.instagram.com\/explore\/tags\/crecer\/\">#crecer<\/a>\u00a0<a href=\"https:\/\/www.instagram.com\/explore\/tags\/redes\/\">#redes<\/a>\u00a0<a href=\"https:\/\/www.instagram.com\/explore\/tags\/financiamiento\/\">#financiamiento<\/a><\/p>\n<\/div><\/div><\/div><\/div><\/div><\/div><\/div><\/section><section class=\"l-section wpb_row height_large\"><div class=\"l-section-h i-cf\"><div class=\"g-cols vc_row type_default valign_top\"><div class=\"vc_col-sm-12 wpb_column vc_column_container\"><div class=\"vc_column-inner\"><div class=\"wpb_wrapper\"><div class=\"w-separator size_large\"><\/div><\/div><\/div><\/div><\/div><\/div><\/section>\n","protected":false},"excerpt":{"rendered":"INFANCIAS CBA 2024 Arte, Educaci\u00f3n y Pol\u00edticas P\u00fablicas El pasado a\u00f1o 2023 se realiz\u00f3 el Primer Coloquio INFANCIAS CBA. El mismo cont\u00f3 con una importante participaci\u00f3n y ha marcado una l\u00ednea de trabajo que nos parece importante sostener y profundizar. En esta oportunidad el Segundo Coloquio INFANCIAS CBA 2024, redoblamos la apuesta, realizando las jornadas...","protected":false},"author":1,"featured_media":0,"parent":0,"menu_order":0,"comment_status":"closed","ping_status":"closed","template":"","meta":{"footnotes":""},"class_list":["post-24023","page","type-page","status-publish","hentry"],"_links":{"self":[{"href":"http:\/\/mupe.unvm.edu.ar\/index.php?rest_route=\/wp\/v2\/pages\/24023","targetHints":{"allow":["GET"]}}],"collection":[{"href":"http:\/\/mupe.unvm.edu.ar\/index.php?rest_route=\/wp\/v2\/pages"}],"about":[{"href":"http:\/\/mupe.unvm.edu.ar\/index.php?rest_route=\/wp\/v2\/types\/page"}],"author":[{"embeddable":true,"href":"http:\/\/mupe.unvm.edu.ar\/index.php?rest_route=\/wp\/v2\/users\/1"}],"replies":[{"embeddable":true,"href":"http:\/\/mupe.unvm.edu.ar\/index.php?rest_route=%2Fwp%2Fv2%2Fcomments&post=24023"}],"version-history":[{"count":21,"href":"http:\/\/mupe.unvm.edu.ar\/index.php?rest_route=\/wp\/v2\/pages\/24023\/revisions"}],"predecessor-version":[{"id":24474,"href":"http:\/\/mupe.unvm.edu.ar\/index.php?rest_route=\/wp\/v2\/pages\/24023\/revisions\/24474"}],"wp:attachment":[{"href":"http:\/\/mupe.unvm.edu.ar\/index.php?rest_route=%2Fwp%2Fv2%2Fmedia&parent=24023"}],"curies":[{"name":"wp","href":"https:\/\/api.w.org\/{rel}","templated":true}]}}