{"id":24342,"date":"2023-09-19T11:01:34","date_gmt":"2023-09-19T14:01:34","guid":{"rendered":"http:\/\/mupe.unvm.edu.ar\/?page_id=24342"},"modified":"2023-09-19T11:01:34","modified_gmt":"2023-09-19T14:01:34","slug":"el-universo-musical-de-la-primera-infancia","status":"publish","type":"page","link":"http:\/\/mupe.unvm.edu.ar\/?page_id=24342","title":{"rendered":"El universo musical de la primera infancia"},"content":{"rendered":"<section class=\"l-section wpb_row height_large\"><div class=\"l-section-h i-cf\"><div class=\"g-cols vc_row type_default valign_top\"><div class=\"vc_col-sm-3 wpb_column vc_column_container\"><div class=\"vc_column-inner\"><div class=\"wpb_wrapper\"><div class=\"w-image align_none animate_fade\"><a href=\"http:\/\/mupe.unvm.edu.ar\/wp-content\/uploads\/2021\/03\/05.-El-universo-musical-de-la-primera-infancia-TAPA.jpg\" ref=\"magnificPopup\" aria-label=\"Enlace\" class=\"w-image-h\"><img loading=\"lazy\" decoding=\"async\" width=\"494\" height=\"768\" src=\"http:\/\/mupe.unvm.edu.ar\/wp-content\/uploads\/2021\/03\/05.-El-universo-musical-de-la-primera-infancia-TAPA.jpg\" class=\"attachment-large size-large\" alt=\"El universo musical de la primera infancia\" srcset=\"http:\/\/mupe.unvm.edu.ar\/wp-content\/uploads\/2021\/03\/05.-El-universo-musical-de-la-primera-infancia-TAPA.jpg 494w, http:\/\/mupe.unvm.edu.ar\/wp-content\/uploads\/2021\/03\/05.-El-universo-musical-de-la-primera-infancia-TAPA-193x300.jpg 193w\" sizes=\"auto, (max-width: 494px) 100vw, 494px\" \/><\/a><\/div><\/div><\/div><\/div><div class=\"vc_col-sm-9 wpb_column vc_column_container\"><div class=\"vc_column-inner\"><div class=\"wpb_wrapper\"><div class=\"wpb_text_column\" ><div class=\"wpb_wrapper\"><p><strong>El universo musical de la primera infancia<\/strong><br \/>\nDutto, Susana Coqui | Batres, Ethel | Mendivil, Luzmila | Rodrigues, Adriana<br \/>\nISBN 978-987-49493-13-7<\/p>\n<p>&nbsp;<\/p>\n<\/div><\/div><div class=\"wpb_text_column\" ><div class=\"wpb_wrapper\"><blockquote>\n<p>&#8220;El universo musical de la primera infancia&#8221; quiere compartir con todos los adultos responsables de la educaci\u00f3n de beb\u00e9s, ni\u00f1os y ni\u00f1as: docentes, cuidadoras, mam\u00e1s, pap\u00e1s, abuelos, vecinos y t\u00edas que pretenden contribuir al desarrollo pleno de los ni\u00f1os y ni\u00f1as menores de seis a\u00f1os.<br \/>\nEste material tiene como principal postulado la valorizaci\u00f3n del potencial creador de cada una de las personas que participan del proceso de crianza, el cual se transmite sin lugar a dudas en cada actividad que comparte con los ni\u00f1os y ni\u00f1as.<\/p>\n<\/blockquote>\n<p style=\"text-align: right;\"><span style=\"color: #ffffff;\">mupe<\/span><\/p>\n<\/div><\/div><div class=\"w-btn-wrapper width_auto align_left\"><a class=\"w-btn us-btn-style_1 icon_atleft\" target=\"_blank\" href=\"http:\/\/mupe.unvm.edu.ar\/wp-content\/uploads\/2021\/03\/05.-El-universo-musical-de-la-primera-infancia.pdf\" rel=\"noopener\"><i class=\"material-icons\">download<\/i><span class=\"w-btn-label\">DESCARGAR LIBRO<\/span><\/a><\/div><div class=\"w-btn-wrapper width_auto align_left\"><a class=\"w-btn us-btn-style_1 icon_atleft\" target=\"_blank\" href=\"https:\/\/drive.google.com\/file\/d\/195i4RwgVZhNyf0WoIypDbF5HhoWoVgrG\/view?usp=sharing\" rel=\"noopener\"><i class=\"material-icons\">download<\/i><span class=\"w-btn-label\">EJEMPLOS MUSICALES DEL LIBRO<\/span><\/a><\/div><\/div><\/div><\/div><\/div><\/div><\/section>\n","protected":false},"excerpt":{"rendered":"El universo musical de la primera infancia Dutto, Susana Coqui | Batres, Ethel | Mendivil, Luzmila | Rodrigues, Adriana ISBN 978-987-49493-13-7 &nbsp; &#8220;El universo musical de la primera infancia&#8221; quiere compartir con todos los adultos responsables de la educaci\u00f3n de beb\u00e9s, ni\u00f1os y ni\u00f1as: docentes, cuidadoras, mam\u00e1s, pap\u00e1s, abuelos, vecinos y t\u00edas que pretenden contribuir...","protected":false},"author":2,"featured_media":0,"parent":23897,"menu_order":4,"comment_status":"closed","ping_status":"closed","template":"","meta":{"footnotes":""},"class_list":["post-24342","page","type-page","status-publish","hentry"],"_links":{"self":[{"href":"http:\/\/mupe.unvm.edu.ar\/index.php?rest_route=\/wp\/v2\/pages\/24342","targetHints":{"allow":["GET"]}}],"collection":[{"href":"http:\/\/mupe.unvm.edu.ar\/index.php?rest_route=\/wp\/v2\/pages"}],"about":[{"href":"http:\/\/mupe.unvm.edu.ar\/index.php?rest_route=\/wp\/v2\/types\/page"}],"author":[{"embeddable":true,"href":"http:\/\/mupe.unvm.edu.ar\/index.php?rest_route=\/wp\/v2\/users\/2"}],"replies":[{"embeddable":true,"href":"http:\/\/mupe.unvm.edu.ar\/index.php?rest_route=%2Fwp%2Fv2%2Fcomments&post=24342"}],"version-history":[{"count":1,"href":"http:\/\/mupe.unvm.edu.ar\/index.php?rest_route=\/wp\/v2\/pages\/24342\/revisions"}],"predecessor-version":[{"id":24343,"href":"http:\/\/mupe.unvm.edu.ar\/index.php?rest_route=\/wp\/v2\/pages\/24342\/revisions\/24343"}],"up":[{"embeddable":true,"href":"http:\/\/mupe.unvm.edu.ar\/index.php?rest_route=\/wp\/v2\/pages\/23897"}],"wp:attachment":[{"href":"http:\/\/mupe.unvm.edu.ar\/index.php?rest_route=%2Fwp%2Fv2%2Fmedia&parent=24342"}],"curies":[{"name":"wp","href":"https:\/\/api.w.org\/{rel}","templated":true}]}}