{"id":24395,"date":"2023-10-24T11:27:31","date_gmt":"2023-10-24T14:27:31","guid":{"rendered":"http:\/\/mupe.unvm.edu.ar\/?page_id=24395"},"modified":"2023-10-24T11:27:54","modified_gmt":"2023-10-24T14:27:54","slug":"rodolfo-zanni","status":"publish","type":"page","link":"http:\/\/mupe.unvm.edu.ar\/?page_id=24395","title":{"rendered":"Rodolfo ZANNI"},"content":{"rendered":"<section class=\"l-section wpb_row height_large\"><div class=\"l-section-h i-cf\"><div class=\"g-cols vc_row type_default valign_top\"><div class=\"vc_col-sm-6 wpb_column vc_column_container\"><div class=\"vc_column-inner\"><div class=\"wpb_wrapper\"><div class=\"wpb_text_column\" ><div class=\"wpb_wrapper\"><p><strong>Rodolfo ZANNI <\/strong>naci\u00f3 en 1901, en Buenos Aires, de padres italianos que emigraron a Argentina. Su padre Nicola Zanni (proveniente de la ciudad Abruzzo, Atri, en la zona de Teramo) lo inscribi\u00f3 en el registro civil bonaerense como hijo natural, nacido de una mujer que no quer\u00eda ser nombrada. M\u00e1s tarde, Teresa Vitale (originaria de G\u00e9nova), su madre, lo reconoci\u00f3.<br \/>\n<b>Poco se sabe sobre la existencia y la infancia de Rodolfo Zanni. Las referencias a su persona est\u00e1n dispersas aqu\u00ed y all\u00e1 en diversos escritos pero con un denominador com\u00fan: todas retratan a un ni\u00f1o prodigio, a un adolescente brillante, y a un m\u00fasico con un talento muy precoz.<br \/>\n<\/b>El pianista se form\u00f3 en Buenos Aires como estudiante y autodidacta y compuso sus primeras piezas a los 9 a\u00f1os. A los 14 se gradu\u00f3 como Maestro de M\u00fasica en la Academia La Prensa y a los 16 dirigi\u00f3 la orquesta del complejo oper\u00edstico Adelina Agostinelli con la que present\u00f3 las obras m\u00e1s significativas del repertorio oper\u00edstico italiano junto con sus propias composiciones y realiz\u00f3 giras por Chile y Per\u00fa. A los 20 a\u00f1os fue protagonista de un gran concierto sinf\u00f3nico en el Teatro Col\u00f3n en el que dirigi\u00f3 la orquesta de 120 m\u00fasicos y 100 coreutas que present\u00f3 solo obras de su autor\u00eda. La direcci\u00f3n fue un \u00e9xito extraordinario, pero, inmediatamente despu\u00e9s, fue v\u00edctima de una feroz persecuci\u00f3n y alejado de todos los lugares de concierto.<br \/>\nLleg\u00f3 a C\u00f3rdoba donde compuso m\u00fasica especialmente para las principales producciones de Hollywood y las mostr\u00f3 al p\u00fablico en el Teatro Real, con la direcci\u00f3n de una orquesta tra\u00edda especialmente del Teatro Col\u00f3n. Esta exitosa presentaci\u00f3n fue la \u00faltima de su vida ya que, luego de ella, muri\u00f3 en el Hotel Felipe II de la ciudad, en circunstancias misteriosas. Su cuerpo desapareci\u00f3 y, quiz\u00e1s lo m\u00e1s inquietante, es que nunca m\u00e1s se encontr\u00f3 su inmensa producci\u00f3n art\u00edstica. Actualmente, solo se cuenta con cinco obras juveniles menores.<\/p>\n<\/div><\/div><\/div><\/div><\/div><div class=\"vc_col-sm-6 wpb_column vc_column_container\"><div class=\"vc_column-inner\"><div class=\"wpb_wrapper\"><div class=\"w-image align_none\"><div class=\"w-image-h\"><img loading=\"lazy\" decoding=\"async\" width=\"498\" height=\"600\" src=\"http:\/\/mupe.unvm.edu.ar\/wp-content\/uploads\/2023\/10\/rodolfo-zanni-2-498x600.jpg\" class=\"attachment-us_600_600_crop size-us_600_600_crop\" alt=\"\" \/><\/div><\/div><\/div><\/div><\/div><\/div><\/div><\/section><section class=\"l-section wpb_row height_large\"><div class=\"l-section-h i-cf\"><div class=\"g-cols vc_row type_default valign_top\"><div class=\"vc_col-sm-12 wpb_column vc_column_container\"><div class=\"vc_column-inner\"><div class=\"wpb_wrapper\"><div class=\"wpb_text_column\" ><div class=\"wpb_wrapper\"><p><strong>Rodolfo ZANNI<\/strong><\/p>\n<p><b>1-Rememora<\/b>, para canto y piano. Versos de Juan A. Alsina. Edici\u00f3n del autor.<br \/>\nEn archivo del Instituto Superior de M\u00fasica &#8220;Jos\u00e9 Hern\u00e1ndez\u201d, Brano trovado e segnalato da Lucio Bruno Videla<br \/>\n<a href=\"https:\/\/drive.google.com\/file\/d\/1MufVXrnVjbHvQCHWGl8BRIlKOoQg9rES\/view?usp=drive_link\">Acced\u00e9 a la <strong>PARTITURA<\/strong><\/a><\/p>\n<p><b>2-La campi\u00f1a adormecida<\/b>, Op.22 NO4. Poema para orquesta (reducci\u00f3n para<br \/>\npiano). Dedicada a Franco Paolantonio. Aut\u00f3grafo firmado y fechado: B.A.<br \/>\n10\/IX\/19.10 . En archivo del Instituto Superior de M\u00fasica &#8220;Jos\u00e9 Hern\u00e1ndez\u201d. Brano trovado e segnalato da Lucio Bruno Videla<br \/>\n<a href=\"https:\/\/drive.google.com\/file\/d\/1FQtrUk3HCiDbAzBO9kHwp2GFNy87A7x_\/view?usp=drive_link\">Acced\u00e9 a la <strong>PARTITURA<\/strong><\/a><\/p>\n<p><b>3-Soleil Couchant,<\/b>\u00a0op.13 N\u00b01. Para canto y piano. Versos de Jos\u00e9 Mar\u00eda de Heredia.a Dedicada a Alber<br \/>\n(sic) Williams. Editada en el Album Musical Orfeo, no.13, dicembre de 1918. Ejemplar propiedad del Archivo Gourmet Musical.<br \/>\n<a href=\"https:\/\/drive.google.com\/file\/d\/1k5fyW0B3hJ0HXcfbK_urB6QJGIK2Zexb\/view?usp=drive_link\">Acced\u00e9 a la <strong>PARTITURA<\/strong><\/a><\/p>\n<p><b>4- Italia Nova<\/b>, Inno.\u00a0Para canto y piano. Edici\u00f3n sin datos.<br \/>\n2a. edici\u00f3n. Contiene dedicatoria manuscrita del autor a Antonino Miceli, firmada y<br \/>\nfechada el 4\/V\/ 24. Versos de Carlo Ravasio. \u00a0Partitura encontrada en un anticuario de Londres, por el se\u00f1or Giuseppe Zanni.<br \/>\n<a href=\"https:\/\/drive.google.com\/file\/d\/1bRB4Sxes9O-WH8h6VTPHxSnZNQLiyAYW\/view?usp=drive_link\">Acced\u00e9 a la <strong>PARTITURA<\/strong><\/a><\/p>\n<p><b>5-Soledad\u00a0<\/b>segnalata\u00a0al regista Francesco Cordio durante la lavorazione del film.<br \/>\nPresente nella rivista Musica: M\u00fasica : a\u00f1o 1, n\u00b0 1, enero de 1920-a\u00f1os 4 y 5<br \/>\n<a href=\"https:\/\/drive.google.com\/file\/d\/1EcoQti80Zz05sj1oZUV_pAqb3qpPR-8N\/view?usp=drive_link\">Acced\u00e9 a la <strong>PARTITURA<\/strong><\/a><\/p>\n<\/div><\/div><\/div><\/div><\/div><\/div><\/div><\/section>\n","protected":false},"excerpt":{"rendered":"Rodolfo ZANNI naci\u00f3 en 1901, en Buenos Aires, de padres italianos que emigraron a Argentina. Su padre Nicola Zanni (proveniente de la ciudad Abruzzo, Atri, en la zona de Teramo) lo inscribi\u00f3 en el registro civil bonaerense como hijo natural, nacido de una mujer que no quer\u00eda ser nombrada. M\u00e1s tarde, Teresa Vitale (originaria de...","protected":false},"author":2,"featured_media":0,"parent":23996,"menu_order":0,"comment_status":"closed","ping_status":"closed","template":"","meta":{"footnotes":""},"class_list":["post-24395","page","type-page","status-publish","hentry"],"_links":{"self":[{"href":"http:\/\/mupe.unvm.edu.ar\/index.php?rest_route=\/wp\/v2\/pages\/24395","targetHints":{"allow":["GET"]}}],"collection":[{"href":"http:\/\/mupe.unvm.edu.ar\/index.php?rest_route=\/wp\/v2\/pages"}],"about":[{"href":"http:\/\/mupe.unvm.edu.ar\/index.php?rest_route=\/wp\/v2\/types\/page"}],"author":[{"embeddable":true,"href":"http:\/\/mupe.unvm.edu.ar\/index.php?rest_route=\/wp\/v2\/users\/2"}],"replies":[{"embeddable":true,"href":"http:\/\/mupe.unvm.edu.ar\/index.php?rest_route=%2Fwp%2Fv2%2Fcomments&post=24395"}],"version-history":[{"count":1,"href":"http:\/\/mupe.unvm.edu.ar\/index.php?rest_route=\/wp\/v2\/pages\/24395\/revisions"}],"predecessor-version":[{"id":24396,"href":"http:\/\/mupe.unvm.edu.ar\/index.php?rest_route=\/wp\/v2\/pages\/24395\/revisions\/24396"}],"up":[{"embeddable":true,"href":"http:\/\/mupe.unvm.edu.ar\/index.php?rest_route=\/wp\/v2\/pages\/23996"}],"wp:attachment":[{"href":"http:\/\/mupe.unvm.edu.ar\/index.php?rest_route=%2Fwp%2Fv2%2Fmedia&parent=24395"}],"curies":[{"name":"wp","href":"https:\/\/api.w.org\/{rel}","templated":true}]}}